{"id":209,"date":"2020-02-17T15:35:58","date_gmt":"2020-02-17T15:35:58","guid":{"rendered":"http:\/\/samuel.klemke.de\/?page_id=209"},"modified":"2021-05-19T13:10:26","modified_gmt":"2021-05-19T13:10:26","slug":"portfolio","status":"publish","type":"page","link":"http:\/\/samuel.klemke.de\/?page_id=209","title":{"rendered":"Portfolio"},"content":{"rendered":"<p>A selection of projects showing the diverse activities<\/p>\n<p><code>\t\t\t<div class=\"jetpack-portfolio-shortcode column-3\">\n\t\t\t\t\t\t\t<div class=\"portfolio-entry portfolio-entry-column-3 type-ensembles type-portfolio portfolio-entry-mobile-first-item-row portfolio-entry-first-item-row\">\n\t\t\t\t\t<header class=\"portfolio-entry-header\">\n\t\t\t\t\t<a class=\"portfolio-featured-image\" href=\"http:\/\/samuel.klemke.de\/?portfolio=kalyani-samuiel\"><img loading=\"lazy\" decoding=\"async\" width=\"1024\" height=\"775\" src=\"https:\/\/i0.wp.com\/samuel.klemke.de\/wp-content\/uploads\/2025\/04\/Duo_Kalyani_Samuel_IMG_1911-scaled.jpg?fit=1024%2C775\" class=\"attachment-large size-large wp-post-image\" alt=\"\" srcset=\"https:\/\/i0.wp.com\/samuel.klemke.de\/wp-content\/uploads\/2025\/04\/Duo_Kalyani_Samuel_IMG_1911-scaled.jpg?w=2560 2560w, https:\/\/i0.wp.com\/samuel.klemke.de\/wp-content\/uploads\/2025\/04\/Duo_Kalyani_Samuel_IMG_1911-scaled.jpg?resize=300%2C227 300w, https:\/\/i0.wp.com\/samuel.klemke.de\/wp-content\/uploads\/2025\/04\/Duo_Kalyani_Samuel_IMG_1911-scaled.jpg?resize=1024%2C775 1024w, https:\/\/i0.wp.com\/samuel.klemke.de\/wp-content\/uploads\/2025\/04\/Duo_Kalyani_Samuel_IMG_1911-scaled.jpg?resize=768%2C581 768w, https:\/\/i0.wp.com\/samuel.klemke.de\/wp-content\/uploads\/2025\/04\/Duo_Kalyani_Samuel_IMG_1911-scaled.jpg?resize=1536%2C1163 1536w, https:\/\/i0.wp.com\/samuel.klemke.de\/wp-content\/uploads\/2025\/04\/Duo_Kalyani_Samuel_IMG_1911-scaled.jpg?resize=2048%2C1550 2048w, https:\/\/i0.wp.com\/samuel.klemke.de\/wp-content\/uploads\/2025\/04\/Duo_Kalyani_Samuel_IMG_1911-scaled.jpg?resize=1600%2C1211 1600w, https:\/\/i0.wp.com\/samuel.klemke.de\/wp-content\/uploads\/2025\/04\/Duo_Kalyani_Samuel_IMG_1911-scaled.jpg?w=2120 2120w\" sizes=\"(max-width: 1024px) 100vw, 1024px\" data-attachment-id=\"325\" data-permalink=\"http:\/\/samuel.klemke.de\/?attachment_id=325\" data-orig-file=\"https:\/\/i0.wp.com\/samuel.klemke.de\/wp-content\/uploads\/2025\/04\/Duo_Kalyani_Samuel_IMG_1911-scaled.jpg?fit=2560%2C1938\" data-orig-size=\"2560,1938\" data-comments-opened=\"0\" data-image-meta=\"{&quot;aperture&quot;:&quot;4.5&quot;,&quot;credit&quot;:&quot;Samuel T. Klemke&quot;,&quot;camera&quot;:&quot;Canon EOS M6 Mark II&quot;,&quot;caption&quot;:&quot;&quot;,&quot;created_timestamp&quot;:&quot;1677065996&quot;,&quot;copyright&quot;:&quot;Samuel T. Klemke&quot;,&quot;focal_length&quot;:&quot;22&quot;,&quot;iso&quot;:&quot;1000&quot;,&quot;shutter_speed&quot;:&quot;0.0125&quot;,&quot;title&quot;:&quot;&quot;,&quot;orientation&quot;:&quot;1&quot;}\" data-image-title=\"Duo_Kalyani_Samuel_IMG_1911\" data-image-description=\"\" data-image-caption=\"\" data-medium-file=\"https:\/\/i0.wp.com\/samuel.klemke.de\/wp-content\/uploads\/2025\/04\/Duo_Kalyani_Samuel_IMG_1911-scaled.jpg?fit=300%2C227\" data-large-file=\"https:\/\/i0.wp.com\/samuel.klemke.de\/wp-content\/uploads\/2025\/04\/Duo_Kalyani_Samuel_IMG_1911-scaled.jpg?fit=1024%2C775\" \/><\/a>\n\t\t\t\t\t<h2 class=\"portfolio-entry-title\"><a href=\"http:\/\/samuel.klemke.de\/?portfolio=kalyani-samuiel\" title=\"Kalyani &#038; Samuiel\">Kalyani &#038; Samuiel<\/a><\/h2>\n\n\t\t\t\t\t\t<div class=\"portfolio-entry-meta\">\n\t\t\t\t\t\t\t\t\t\t\t\t<\/div>\n\n\t\t\t\t\t<\/header>\n\n\t\t\t\t\t\t\t\t\t\t<div class=\"portfolio-entry-content\"><p>Kirtan meets classical guitar. Kalyani ist ausgebildet in klassisch indischem Gesang. Ihre Stimme verzaubert das Publikum mit fern\u00f6stlichen Melodien genauso wie mit europ\u00e4ischen Liedern. Sie spielt dazu Harmonium und Samuel begleitet auf der klassischen Gitarre.<\/p>\n<\/div>\n\t\t\t\t\t\t\t\t\t\t<\/div><!-- close .portfolio-entry -->\n\t\t\t\t\t\t\t\t<div class=\"portfolio-entry portfolio-entry-column-3 type-ensembles type-portfolio type-projects portfolio-entry-mobile-last-item-row\">\n\t\t\t\t\t<header class=\"portfolio-entry-header\">\n\t\t\t\t\t<a class=\"portfolio-featured-image\" href=\"http:\/\/samuel.klemke.de\/?portfolio=ensemble-lumen\"><img loading=\"lazy\" decoding=\"async\" width=\"1024\" height=\"576\" src=\"https:\/\/i0.wp.com\/samuel.klemke.de\/wp-content\/uploads\/2020\/02\/VideoTitel_Lumen.jpg?fit=1024%2C576\" class=\"attachment-large size-large wp-post-image\" alt=\"\" srcset=\"https:\/\/i0.wp.com\/samuel.klemke.de\/wp-content\/uploads\/2020\/02\/VideoTitel_Lumen.jpg?w=1920 1920w, https:\/\/i0.wp.com\/samuel.klemke.de\/wp-content\/uploads\/2020\/02\/VideoTitel_Lumen.jpg?resize=300%2C169 300w, https:\/\/i0.wp.com\/samuel.klemke.de\/wp-content\/uploads\/2020\/02\/VideoTitel_Lumen.jpg?resize=768%2C432 768w, https:\/\/i0.wp.com\/samuel.klemke.de\/wp-content\/uploads\/2020\/02\/VideoTitel_Lumen.jpg?resize=1024%2C576 1024w, https:\/\/i0.wp.com\/samuel.klemke.de\/wp-content\/uploads\/2020\/02\/VideoTitel_Lumen.jpg?resize=1600%2C900 1600w\" sizes=\"(max-width: 1024px) 100vw, 1024px\" data-attachment-id=\"224\" data-permalink=\"http:\/\/samuel.klemke.de\/?attachment_id=224\" data-orig-file=\"https:\/\/i0.wp.com\/samuel.klemke.de\/wp-content\/uploads\/2020\/02\/VideoTitel_Lumen.jpg?fit=1920%2C1080\" data-orig-size=\"1920,1080\" data-comments-opened=\"0\" data-image-meta=\"{&quot;aperture&quot;:&quot;0&quot;,&quot;credit&quot;:&quot;&quot;,&quot;camera&quot;:&quot;&quot;,&quot;caption&quot;:&quot;&quot;,&quot;created_timestamp&quot;:&quot;0&quot;,&quot;copyright&quot;:&quot;&quot;,&quot;focal_length&quot;:&quot;0&quot;,&quot;iso&quot;:&quot;0&quot;,&quot;shutter_speed&quot;:&quot;0&quot;,&quot;title&quot;:&quot;&quot;,&quot;orientation&quot;:&quot;1&quot;}\" data-image-title=\"VideoTitel_Lumen\" data-image-description=\"\" data-image-caption=\"\" data-medium-file=\"https:\/\/i0.wp.com\/samuel.klemke.de\/wp-content\/uploads\/2020\/02\/VideoTitel_Lumen.jpg?fit=300%2C169\" data-large-file=\"https:\/\/i0.wp.com\/samuel.klemke.de\/wp-content\/uploads\/2020\/02\/VideoTitel_Lumen.jpg?fit=1024%2C576\" \/><\/a>\n\t\t\t\t\t<h2 class=\"portfolio-entry-title\"><a href=\"http:\/\/samuel.klemke.de\/?portfolio=ensemble-lumen\" title=\"Ensemble Lumen\">Ensemble Lumen<\/a><\/h2>\n\n\t\t\t\t\t\t<div class=\"portfolio-entry-meta\">\n\t\t\t\t\t\t\t\t\t\t\t\t<\/div>\n\n\t\t\t\t\t<\/header>\n\n\t\t\t\t\t\t\t\t\t\t<div class=\"portfolio-entry-content\"><p>In 2017 Samuel founded the Ensemble Lumen to create a unique concert for the Thuringian Department in Berlin for their traditional Christmas concert, which in that year should appeal to all major religions as a festival of light. In an chamber-orchestra size the goal is to continue the work of outstanding and unique programmes that [&hellip;]<\/p>\n<\/div>\n\t\t\t\t\t\t\t\t\t\t<\/div><!-- close .portfolio-entry -->\n\t\t\t\t\t\t\t\t<div class=\"portfolio-entry portfolio-entry-column-3 type-cd type-portfolio portfolio-entry-mobile-first-item-row portfolio-entry-last-item-row\">\n\t\t\t\t\t<header class=\"portfolio-entry-header\">\n\t\t\t\t\t<a class=\"portfolio-featured-image\" href=\"http:\/\/samuel.klemke.de\/?portfolio=cd-norie-mukai-samuel-t-klemke-pavane\"><img loading=\"lazy\" decoding=\"async\" width=\"1024\" height=\"507\" src=\"https:\/\/i0.wp.com\/samuel.klemke.de\/wp-content\/uploads\/2020\/02\/CD_Norie.jpg?fit=1024%2C507\" class=\"attachment-large size-large wp-post-image\" alt=\"\" srcset=\"https:\/\/i0.wp.com\/samuel.klemke.de\/wp-content\/uploads\/2020\/02\/CD_Norie.jpg?w=1771 1771w, https:\/\/i0.wp.com\/samuel.klemke.de\/wp-content\/uploads\/2020\/02\/CD_Norie.jpg?resize=300%2C149 300w, https:\/\/i0.wp.com\/samuel.klemke.de\/wp-content\/uploads\/2020\/02\/CD_Norie.jpg?resize=768%2C380 768w, https:\/\/i0.wp.com\/samuel.klemke.de\/wp-content\/uploads\/2020\/02\/CD_Norie.jpg?resize=1024%2C507 1024w, https:\/\/i0.wp.com\/samuel.klemke.de\/wp-content\/uploads\/2020\/02\/CD_Norie.jpg?resize=1600%2C792 1600w\" sizes=\"(max-width: 1024px) 100vw, 1024px\" data-attachment-id=\"222\" data-permalink=\"http:\/\/samuel.klemke.de\/?attachment_id=222\" data-orig-file=\"https:\/\/i0.wp.com\/samuel.klemke.de\/wp-content\/uploads\/2020\/02\/CD_Norie.jpg?fit=1771%2C877\" data-orig-size=\"1771,877\" data-comments-opened=\"0\" data-image-meta=\"{&quot;aperture&quot;:&quot;0&quot;,&quot;credit&quot;:&quot;&quot;,&quot;camera&quot;:&quot;&quot;,&quot;caption&quot;:&quot;&quot;,&quot;created_timestamp&quot;:&quot;0&quot;,&quot;copyright&quot;:&quot;&quot;,&quot;focal_length&quot;:&quot;0&quot;,&quot;iso&quot;:&quot;0&quot;,&quot;shutter_speed&quot;:&quot;0&quot;,&quot;title&quot;:&quot;&quot;,&quot;orientation&quot;:&quot;1&quot;}\" data-image-title=\"CD_Norie\" data-image-description=\"\" data-image-caption=\"\" data-medium-file=\"https:\/\/i0.wp.com\/samuel.klemke.de\/wp-content\/uploads\/2020\/02\/CD_Norie.jpg?fit=300%2C149\" data-large-file=\"https:\/\/i0.wp.com\/samuel.klemke.de\/wp-content\/uploads\/2020\/02\/CD_Norie.jpg?fit=1024%2C507\" \/><\/a>\n\t\t\t\t\t<h2 class=\"portfolio-entry-title\"><a href=\"http:\/\/samuel.klemke.de\/?portfolio=cd-norie-mukai-samuel-t-klemke-pavane\" title=\"CD: Norie Mukai &#038; Samuel T. Klemke &#8211; Pavane\">CD: Norie Mukai &#038; Samuel T. Klemke &#8211; Pavane<\/a><\/h2>\n\n\t\t\t\t\t\t<div class=\"portfolio-entry-meta\">\n\t\t\t\t\t\t\t\t\t\t\t\t<\/div>\n\n\t\t\t\t\t<\/header>\n\n\t\t\t\t\t\t\t\t\t\t<div class=\"portfolio-entry-content\"><p>CD-Project with Japanese flutist Norie Mukai: Claude Debussy: La fille aux cheveux de lin Maurice Ravel: Pavane pour une infante defunte Gabriel Faure: Sicilienne Manuel M. Ponce: Estrellita Franz Schubert: St\u00e4ndchen Maurice Ravel: Piece en forme de Habanera Gabriel Faure: Pavane G. F. H\u00e4ndel: Aria &#8222;Lascia ch&#8217;io pianga&#8220; Gottfried H. St\u00f6lzel: Aria &#8222;Bist du bei [&hellip;]<\/p>\n<\/div>\n\t\t\t\t\t\t\t\t\t\t<\/div><!-- close .portfolio-entry -->\n\t\t\t\t\t\t\t\t<div class=\"portfolio-entry portfolio-entry-column-3 type-cd type-portfolio portfolio-entry-mobile-last-item-row portfolio-entry-first-item-row\">\n\t\t\t\t\t<header class=\"portfolio-entry-header\">\n\t\t\t\t\t<a class=\"portfolio-featured-image\" href=\"http:\/\/samuel.klemke.de\/?portfolio=cd-samuel-t-klemke-die-andere-saite\"><img loading=\"lazy\" decoding=\"async\" width=\"1000\" height=\"1024\" src=\"https:\/\/i0.wp.com\/samuel.klemke.de\/wp-content\/uploads\/2020\/02\/CD_Cover_andere_Saiten_Samuel-Kopie_front.jpg?fit=1000%2C1024\" class=\"attachment-large size-large wp-post-image\" alt=\"\" srcset=\"https:\/\/i0.wp.com\/samuel.klemke.de\/wp-content\/uploads\/2020\/02\/CD_Cover_andere_Saiten_Samuel-Kopie_front.jpg?w=1453 1453w, https:\/\/i0.wp.com\/samuel.klemke.de\/wp-content\/uploads\/2020\/02\/CD_Cover_andere_Saiten_Samuel-Kopie_front.jpg?resize=293%2C300 293w, https:\/\/i0.wp.com\/samuel.klemke.de\/wp-content\/uploads\/2020\/02\/CD_Cover_andere_Saiten_Samuel-Kopie_front.jpg?resize=768%2C786 768w, https:\/\/i0.wp.com\/samuel.klemke.de\/wp-content\/uploads\/2020\/02\/CD_Cover_andere_Saiten_Samuel-Kopie_front.jpg?resize=1000%2C1024 1000w, https:\/\/i0.wp.com\/samuel.klemke.de\/wp-content\/uploads\/2020\/02\/CD_Cover_andere_Saiten_Samuel-Kopie_front.jpg?resize=50%2C50 50w\" sizes=\"(max-width: 1000px) 100vw, 1000px\" data-attachment-id=\"220\" data-permalink=\"http:\/\/samuel.klemke.de\/?attachment_id=220\" data-orig-file=\"https:\/\/i0.wp.com\/samuel.klemke.de\/wp-content\/uploads\/2020\/02\/CD_Cover_andere_Saiten_Samuel-Kopie_front.jpg?fit=1453%2C1488\" data-orig-size=\"1453,1488\" data-comments-opened=\"0\" data-image-meta=\"{&quot;aperture&quot;:&quot;0&quot;,&quot;credit&quot;:&quot;&quot;,&quot;camera&quot;:&quot;&quot;,&quot;caption&quot;:&quot;&quot;,&quot;created_timestamp&quot;:&quot;0&quot;,&quot;copyright&quot;:&quot;&quot;,&quot;focal_length&quot;:&quot;0&quot;,&quot;iso&quot;:&quot;0&quot;,&quot;shutter_speed&quot;:&quot;0&quot;,&quot;title&quot;:&quot;&quot;,&quot;orientation&quot;:&quot;1&quot;}\" data-image-title=\"CD_Cover_andere_Saiten_Samuel Kopie_front\" data-image-description=\"\" data-image-caption=\"\" data-medium-file=\"https:\/\/i0.wp.com\/samuel.klemke.de\/wp-content\/uploads\/2020\/02\/CD_Cover_andere_Saiten_Samuel-Kopie_front.jpg?fit=293%2C300\" data-large-file=\"https:\/\/i0.wp.com\/samuel.klemke.de\/wp-content\/uploads\/2020\/02\/CD_Cover_andere_Saiten_Samuel-Kopie_front.jpg?fit=1000%2C1024\" \/><\/a>\n\t\t\t\t\t<h2 class=\"portfolio-entry-title\"><a href=\"http:\/\/samuel.klemke.de\/?portfolio=cd-samuel-t-klemke-die-andere-saite\" title=\"CD: Samuel T. Klemke &#8211; Die andere Saite\">CD: Samuel T. Klemke &#8211; Die andere Saite<\/a><\/h2>\n\n\t\t\t\t\t\t<div class=\"portfolio-entry-meta\">\n\t\t\t\t\t\t\t\t\t\t\t\t<\/div>\n\n\t\t\t\t\t<\/header>\n\n\t\t\t\t\t\t\t\t\t\t<div class=\"portfolio-entry-content\"><p>This CD contains a lovely collection of guitar music recorded during my postgrad studies in Weimar. 1. Carlo Domeniconi (1941): Koyunbaba 2. Fernando Sor (1778-1839): Sicilienne &amp; Marche op. 33 No. 3 3. Johann Sebastian Bach (1685-1750): Allemande BWV 996 4. Fernando Sor (1778-1839): Studio No. 6 op. 6 5. Francisco T\u00e1rrega (1852-1909): Marieta 6. [&hellip;]<\/p>\n<\/div>\n\t\t\t\t\t\t\t\t\t\t<\/div><!-- close .portfolio-entry -->\n\t\t\t\t\t\t\t\t<div class=\"portfolio-entry portfolio-entry-column-3 type-cd type-portfolio portfolio-entry-mobile-first-item-row\">\n\t\t\t\t\t<header class=\"portfolio-entry-header\">\n\t\t\t\t\t<a class=\"portfolio-featured-image\" href=\"http:\/\/samuel.klemke.de\/?portfolio=cd-guitar-duo-klemke-danza-espanola\"><img loading=\"lazy\" decoding=\"async\" width=\"807\" height=\"400\" src=\"https:\/\/i0.wp.com\/samuel.klemke.de\/wp-content\/uploads\/2020\/02\/2005-12-06_guitar_duo_klemke.jpg?fit=807%2C400\" class=\"attachment-large size-large wp-post-image\" alt=\"\" srcset=\"https:\/\/i0.wp.com\/samuel.klemke.de\/wp-content\/uploads\/2020\/02\/2005-12-06_guitar_duo_klemke.jpg?w=807 807w, https:\/\/i0.wp.com\/samuel.klemke.de\/wp-content\/uploads\/2020\/02\/2005-12-06_guitar_duo_klemke.jpg?resize=300%2C149 300w, https:\/\/i0.wp.com\/samuel.klemke.de\/wp-content\/uploads\/2020\/02\/2005-12-06_guitar_duo_klemke.jpg?resize=768%2C381 768w\" sizes=\"(max-width: 807px) 100vw, 807px\" data-attachment-id=\"218\" data-permalink=\"http:\/\/samuel.klemke.de\/?attachment_id=218\" data-orig-file=\"https:\/\/i0.wp.com\/samuel.klemke.de\/wp-content\/uploads\/2020\/02\/2005-12-06_guitar_duo_klemke.jpg?fit=807%2C400\" data-orig-size=\"807,400\" data-comments-opened=\"0\" data-image-meta=\"{&quot;aperture&quot;:&quot;0&quot;,&quot;credit&quot;:&quot;&quot;,&quot;camera&quot;:&quot;&quot;,&quot;caption&quot;:&quot;CD Cover&quot;,&quot;created_timestamp&quot;:&quot;0&quot;,&quot;copyright&quot;:&quot;2005&quot;,&quot;focal_length&quot;:&quot;0&quot;,&quot;iso&quot;:&quot;0&quot;,&quot;shutter_speed&quot;:&quot;0&quot;,&quot;title&quot;:&quot;musique extraordinaire&quot;,&quot;orientation&quot;:&quot;0&quot;}\" data-image-title=\"musique extraordinaire\" data-image-description=\"\" data-image-caption=\"&lt;p&gt;CD Cover&lt;\/p&gt;\n\" data-medium-file=\"https:\/\/i0.wp.com\/samuel.klemke.de\/wp-content\/uploads\/2020\/02\/2005-12-06_guitar_duo_klemke.jpg?fit=300%2C149\" data-large-file=\"https:\/\/i0.wp.com\/samuel.klemke.de\/wp-content\/uploads\/2020\/02\/2005-12-06_guitar_duo_klemke.jpg?fit=807%2C400\" \/><\/a>\n\t\t\t\t\t<h2 class=\"portfolio-entry-title\"><a href=\"http:\/\/samuel.klemke.de\/?portfolio=cd-guitar-duo-klemke-danza-espanola\" title=\"CD: Guitar Duo Klemke &#8211; Danza Espa\u00f1ola\">CD: Guitar Duo Klemke &#8211; Danza Espa\u00f1ola<\/a><\/h2>\n\n\t\t\t\t\t\t<div class=\"portfolio-entry-meta\">\n\t\t\t\t\t\t\t\t\t\t\t\t<\/div>\n\n\t\t\t\t\t<\/header>\n\n\t\t\t\t\t\t\t\t\t\t<div class=\"portfolio-entry-content\"><p>The debut-CD by the Guitar Duo Klemke with Spanish music from different centuries: Manuel de Falla 1876-1946 Danza Espa\u00f1ola No. 1 (La Vie Br\u00e8ve) Isaac Alb\u00e9niz 1860-1909 &#8211; C\u00f3rdoba (Cantos de Espa\u00f1a Opus 232\/4) &#8211; Castilla (Suite Espa\u00f1ola No. 7) Francisco T\u00e1rrega 1852-1909 (Voc. 1) Julio Salvador Sagreras 1879-1942 (Voc. 2) &#8211; Recuerdos de la [&hellip;]<\/p>\n<\/div>\n\t\t\t\t\t\t\t\t\t\t<\/div><!-- close .portfolio-entry -->\n\t\t\t\t\t\t\t\t<div class=\"portfolio-entry portfolio-entry-column-3 type-cd type-portfolio portfolio-entry-mobile-last-item-row portfolio-entry-last-item-row\">\n\t\t\t\t\t<header class=\"portfolio-entry-header\">\n\t\t\t\t\t<a class=\"portfolio-featured-image\" href=\"http:\/\/samuel.klemke.de\/?portfolio=cd-bach-sor-henze\"><img loading=\"lazy\" decoding=\"async\" width=\"807\" height=\"400\" src=\"https:\/\/i0.wp.com\/samuel.klemke.de\/wp-content\/uploads\/2020\/02\/2006-05-08_samuel_klemke.jpg?fit=807%2C400\" class=\"attachment-large size-large wp-post-image\" alt=\"\" srcset=\"https:\/\/i0.wp.com\/samuel.klemke.de\/wp-content\/uploads\/2020\/02\/2006-05-08_samuel_klemke.jpg?w=807 807w, https:\/\/i0.wp.com\/samuel.klemke.de\/wp-content\/uploads\/2020\/02\/2006-05-08_samuel_klemke.jpg?resize=300%2C149 300w, https:\/\/i0.wp.com\/samuel.klemke.de\/wp-content\/uploads\/2020\/02\/2006-05-08_samuel_klemke.jpg?resize=768%2C381 768w\" sizes=\"(max-width: 807px) 100vw, 807px\" data-attachment-id=\"215\" data-permalink=\"http:\/\/samuel.klemke.de\/?attachment_id=215\" data-orig-file=\"https:\/\/i0.wp.com\/samuel.klemke.de\/wp-content\/uploads\/2020\/02\/2006-05-08_samuel_klemke.jpg?fit=807%2C400\" data-orig-size=\"807,400\" data-comments-opened=\"0\" data-image-meta=\"{&quot;aperture&quot;:&quot;0&quot;,&quot;credit&quot;:&quot;&quot;,&quot;camera&quot;:&quot;&quot;,&quot;caption&quot;:&quot;CD Cover&quot;,&quot;created_timestamp&quot;:&quot;0&quot;,&quot;copyright&quot;:&quot;2006&quot;,&quot;focal_length&quot;:&quot;0&quot;,&quot;iso&quot;:&quot;0&quot;,&quot;shutter_speed&quot;:&quot;0&quot;,&quot;title&quot;:&quot;musique extraordinaire&quot;,&quot;orientation&quot;:&quot;0&quot;}\" data-image-title=\"musique extraordinaire\" data-image-description=\"\" data-image-caption=\"&lt;p&gt;CD Cover&lt;\/p&gt;\n\" data-medium-file=\"https:\/\/i0.wp.com\/samuel.klemke.de\/wp-content\/uploads\/2020\/02\/2006-05-08_samuel_klemke.jpg?fit=300%2C149\" data-large-file=\"https:\/\/i0.wp.com\/samuel.klemke.de\/wp-content\/uploads\/2020\/02\/2006-05-08_samuel_klemke.jpg?fit=807%2C400\" \/><\/a>\n\t\t\t\t\t<h2 class=\"portfolio-entry-title\"><a href=\"http:\/\/samuel.klemke.de\/?portfolio=cd-bach-sor-henze\" title=\"CD: Bach &#8211; Sor &#8211; Henze\">CD: Bach &#8211; Sor &#8211; Henze<\/a><\/h2>\n\n\t\t\t\t\t\t<div class=\"portfolio-entry-meta\">\n\t\t\t\t\t\t\t\t\t\t\t\t<\/div>\n\n\t\t\t\t\t<\/header>\n\n\t\t\t\t\t\t\t\t\t\t<div class=\"portfolio-entry-content\"><p>In 2003 after passing my degree concert at the Hochschule f\u00fcr Musik Franz Liszt Weimar I decided to record this programme onto CD: J. S. Bach: Suite BWV 997 F. Sor: Fantasia op. 7 H. W. Henze: Royal Winter Music I &nbsp; the CD can be directly ordered from me.<\/p>\n<\/div>\n\t\t\t\t\t\t\t\t\t\t<\/div><!-- close .portfolio-entry -->\n\t\t\t\t\t\t\t\t<div class=\"portfolio-entry portfolio-entry-column-3 type-filme type-portfolio portfolio-entry-mobile-first-item-row portfolio-entry-first-item-row\">\n\t\t\t\t\t<header class=\"portfolio-entry-header\">\n\t\t\t\t\t<a class=\"portfolio-featured-image\" href=\"http:\/\/samuel.klemke.de\/?portfolio=guitar-duo-klemke-concert-exam\"><img loading=\"lazy\" decoding=\"async\" width=\"1024\" height=\"576\" src=\"https:\/\/i0.wp.com\/samuel.klemke.de\/wp-content\/uploads\/2016\/01\/concert-exam.jpg?fit=1024%2C576\" class=\"attachment-large size-large wp-post-image\" alt=\"\" srcset=\"https:\/\/i0.wp.com\/samuel.klemke.de\/wp-content\/uploads\/2016\/01\/concert-exam.jpg?w=1280 1280w, https:\/\/i0.wp.com\/samuel.klemke.de\/wp-content\/uploads\/2016\/01\/concert-exam.jpg?resize=300%2C169 300w, https:\/\/i0.wp.com\/samuel.klemke.de\/wp-content\/uploads\/2016\/01\/concert-exam.jpg?resize=768%2C432 768w, https:\/\/i0.wp.com\/samuel.klemke.de\/wp-content\/uploads\/2016\/01\/concert-exam.jpg?resize=1024%2C576 1024w\" sizes=\"(max-width: 1024px) 100vw, 1024px\" data-attachment-id=\"114\" data-permalink=\"http:\/\/samuel.klemke.de\/?attachment_id=114\" data-orig-file=\"https:\/\/i0.wp.com\/samuel.klemke.de\/wp-content\/uploads\/2016\/01\/concert-exam.jpg?fit=1280%2C720\" data-orig-size=\"1280,720\" data-comments-opened=\"1\" data-image-meta=\"{&quot;aperture&quot;:&quot;0&quot;,&quot;credit&quot;:&quot;&quot;,&quot;camera&quot;:&quot;&quot;,&quot;caption&quot;:&quot;&quot;,&quot;created_timestamp&quot;:&quot;0&quot;,&quot;copyright&quot;:&quot;&quot;,&quot;focal_length&quot;:&quot;0&quot;,&quot;iso&quot;:&quot;0&quot;,&quot;shutter_speed&quot;:&quot;0&quot;,&quot;title&quot;:&quot;&quot;,&quot;orientation&quot;:&quot;0&quot;}\" data-image-title=\"concert exam\" data-image-description=\"\" data-image-caption=\"\" data-medium-file=\"https:\/\/i0.wp.com\/samuel.klemke.de\/wp-content\/uploads\/2016\/01\/concert-exam.jpg?fit=300%2C169\" data-large-file=\"https:\/\/i0.wp.com\/samuel.klemke.de\/wp-content\/uploads\/2016\/01\/concert-exam.jpg?fit=1024%2C576\" \/><\/a>\n\t\t\t\t\t<h2 class=\"portfolio-entry-title\"><a href=\"http:\/\/samuel.klemke.de\/?portfolio=guitar-duo-klemke-concert-exam\" title=\"Guitar Duo Klemke: Concert Exam\">Guitar Duo Klemke: Concert Exam<\/a><\/h2>\n\n\t\t\t\t\t\t<div class=\"portfolio-entry-meta\">\n\t\t\t\t\t\t\t\t\t\t\t\t<\/div>\n\n\t\t\t\t\t<\/header>\n\n\t\t\t\t\t\t\t\t\t\t<div class=\"portfolio-entry-content\"><p>This is the trailer Video to our Live-DVD recorded during our final concert exam at the University of Music Franz Liszt Weimar, featuring music by Vivaldi, Castelnuovo-Tedesco, Scarlatti etc.<\/p>\n<\/div>\n\t\t\t\t\t\t\t\t\t\t<\/div><!-- close .portfolio-entry -->\n\t\t\t\t\t\t\t\t<div class=\"portfolio-entry portfolio-entry-column-3 type-portfolio type-projects portfolio-entry-mobile-last-item-row\">\n\t\t\t\t\t<header class=\"portfolio-entry-header\">\n\t\t\t\t\t<a class=\"portfolio-featured-image\" href=\"http:\/\/samuel.klemke.de\/?portfolio=artstik-labor\"><img loading=\"lazy\" decoding=\"async\" width=\"312\" height=\"193\" src=\"https:\/\/i0.wp.com\/samuel.klemke.de\/wp-content\/uploads\/2016\/01\/ARTistik.jpg?fit=312%2C193\" class=\"attachment-large size-large wp-post-image\" alt=\"\" srcset=\"https:\/\/i0.wp.com\/samuel.klemke.de\/wp-content\/uploads\/2016\/01\/ARTistik.jpg?w=312 312w, https:\/\/i0.wp.com\/samuel.klemke.de\/wp-content\/uploads\/2016\/01\/ARTistik.jpg?resize=300%2C186 300w\" sizes=\"(max-width: 312px) 100vw, 312px\" data-attachment-id=\"91\" data-permalink=\"http:\/\/samuel.klemke.de\/?attachment_id=91\" data-orig-file=\"https:\/\/i0.wp.com\/samuel.klemke.de\/wp-content\/uploads\/2016\/01\/ARTistik.jpg?fit=312%2C193\" data-orig-size=\"312,193\" data-comments-opened=\"1\" data-image-meta=\"{&quot;aperture&quot;:&quot;0&quot;,&quot;credit&quot;:&quot;&quot;,&quot;camera&quot;:&quot;&quot;,&quot;caption&quot;:&quot;&quot;,&quot;created_timestamp&quot;:&quot;0&quot;,&quot;copyright&quot;:&quot;&quot;,&quot;focal_length&quot;:&quot;0&quot;,&quot;iso&quot;:&quot;0&quot;,&quot;shutter_speed&quot;:&quot;0&quot;,&quot;title&quot;:&quot;&quot;,&quot;orientation&quot;:&quot;1&quot;}\" data-image-title=\"ARTistik\" data-image-description=\"\" data-image-caption=\"\" data-medium-file=\"https:\/\/i0.wp.com\/samuel.klemke.de\/wp-content\/uploads\/2016\/01\/ARTistik.jpg?fit=300%2C186\" data-large-file=\"https:\/\/i0.wp.com\/samuel.klemke.de\/wp-content\/uploads\/2016\/01\/ARTistik.jpg?fit=312%2C193\" \/><\/a>\n\t\t\t\t\t<h2 class=\"portfolio-entry-title\"><a href=\"http:\/\/samuel.klemke.de\/?portfolio=artstik-labor\" title=\"ART!stik Labor\">ART!stik Labor<\/a><\/h2>\n\n\t\t\t\t\t\t<div class=\"portfolio-entry-meta\">\n\t\t\t\t\t\t\t\t\t\t\t\t<\/div>\n\n\t\t\t\t\t<\/header>\n\n\t\t\t\t\t\t\t\t\t\t<div class=\"portfolio-entry-content\"><p>Trailer for the project &#8222;ART!stik Labor&#8220;, a performance with artistry and avantgarde music. Filmed during the premiere in August 2008 in Volkenroda \/ Thuringia \/ Germany. A cooperation of Ensemble Marges with the Compagnie Aquanaut. Last performance during Sounding D of the Netwerk Neue Musik in September 2010 in Eisenach\/Germany. Can still be booked.<\/p>\n<\/div>\n\t\t\t\t\t\t\t\t\t\t<\/div><!-- close .portfolio-entry -->\n\t\t\t\t\t\t\t\t<div class=\"portfolio-entry portfolio-entry-column-3 type-filme type-portfolio portfolio-entry-mobile-first-item-row portfolio-entry-last-item-row\">\n\t\t\t\t\t<header class=\"portfolio-entry-header\">\n\t\t\t\t\t<a class=\"portfolio-featured-image\" href=\"http:\/\/samuel.klemke.de\/?portfolio=james-bond-007-on-classical-guitar\"><img loading=\"lazy\" decoding=\"async\" width=\"1024\" height=\"576\" src=\"https:\/\/i0.wp.com\/samuel.klemke.de\/wp-content\/uploads\/2016\/01\/007.jpg?fit=1024%2C576\" class=\"attachment-large size-large wp-post-image\" alt=\"\" srcset=\"https:\/\/i0.wp.com\/samuel.klemke.de\/wp-content\/uploads\/2016\/01\/007.jpg?w=1280 1280w, https:\/\/i0.wp.com\/samuel.klemke.de\/wp-content\/uploads\/2016\/01\/007.jpg?resize=300%2C169 300w, https:\/\/i0.wp.com\/samuel.klemke.de\/wp-content\/uploads\/2016\/01\/007.jpg?resize=768%2C432 768w, https:\/\/i0.wp.com\/samuel.klemke.de\/wp-content\/uploads\/2016\/01\/007.jpg?resize=1024%2C576 1024w\" sizes=\"(max-width: 1024px) 100vw, 1024px\" data-attachment-id=\"112\" data-permalink=\"http:\/\/samuel.klemke.de\/?attachment_id=112\" data-orig-file=\"https:\/\/i0.wp.com\/samuel.klemke.de\/wp-content\/uploads\/2016\/01\/007.jpg?fit=1280%2C720\" data-orig-size=\"1280,720\" data-comments-opened=\"1\" data-image-meta=\"{&quot;aperture&quot;:&quot;0&quot;,&quot;credit&quot;:&quot;&quot;,&quot;camera&quot;:&quot;&quot;,&quot;caption&quot;:&quot;&quot;,&quot;created_timestamp&quot;:&quot;0&quot;,&quot;copyright&quot;:&quot;&quot;,&quot;focal_length&quot;:&quot;0&quot;,&quot;iso&quot;:&quot;0&quot;,&quot;shutter_speed&quot;:&quot;0&quot;,&quot;title&quot;:&quot;&quot;,&quot;orientation&quot;:&quot;0&quot;}\" data-image-title=\"007\" data-image-description=\"\" data-image-caption=\"\" data-medium-file=\"https:\/\/i0.wp.com\/samuel.klemke.de\/wp-content\/uploads\/2016\/01\/007.jpg?fit=300%2C169\" data-large-file=\"https:\/\/i0.wp.com\/samuel.klemke.de\/wp-content\/uploads\/2016\/01\/007.jpg?fit=1024%2C576\" \/><\/a>\n\t\t\t\t\t<h2 class=\"portfolio-entry-title\"><a href=\"http:\/\/samuel.klemke.de\/?portfolio=james-bond-007-on-classical-guitar\" title=\"James Bond 007 &#8211; on classical guitar\">James Bond 007 &#8211; on classical guitar<\/a><\/h2>\n\n\t\t\t\t\t\t<div class=\"portfolio-entry-meta\">\n\t\t\t\t\t\t\t\t\t\t\t\t<\/div>\n\n\t\t\t\t\t<\/header>\n\n\t\t\t\t\t\t\t\t\t\t<div class=\"portfolio-entry-content\"><p>The main title music to this film series inspired me to this fun video, full of little hints and jokes to discover. &nbsp;<\/p>\n<\/div>\n\t\t\t\t\t\t\t\t\t\t<\/div><!-- close .portfolio-entry -->\n\t\t\t\t\t\t\t\t<div class=\"portfolio-entry portfolio-entry-column-3 type-filme type-portfolio portfolio-entry-mobile-last-item-row portfolio-entry-first-item-row\">\n\t\t\t\t\t<header class=\"portfolio-entry-header\">\n\t\t\t\t\t<a class=\"portfolio-featured-image\" href=\"http:\/\/samuel.klemke.de\/?portfolio=pernambuco-sons-de-carrilhoes\"><img loading=\"lazy\" decoding=\"async\" width=\"1024\" height=\"576\" src=\"https:\/\/i0.wp.com\/samuel.klemke.de\/wp-content\/uploads\/2016\/01\/Pernambuco_sons.jpg?fit=1024%2C576\" class=\"attachment-large size-large wp-post-image\" alt=\"\" srcset=\"https:\/\/i0.wp.com\/samuel.klemke.de\/wp-content\/uploads\/2016\/01\/Pernambuco_sons.jpg?w=1280 1280w, https:\/\/i0.wp.com\/samuel.klemke.de\/wp-content\/uploads\/2016\/01\/Pernambuco_sons.jpg?resize=300%2C169 300w, https:\/\/i0.wp.com\/samuel.klemke.de\/wp-content\/uploads\/2016\/01\/Pernambuco_sons.jpg?resize=768%2C432 768w, https:\/\/i0.wp.com\/samuel.klemke.de\/wp-content\/uploads\/2016\/01\/Pernambuco_sons.jpg?resize=1024%2C576 1024w\" sizes=\"(max-width: 1024px) 100vw, 1024px\" data-attachment-id=\"105\" data-permalink=\"http:\/\/samuel.klemke.de\/?attachment_id=105\" data-orig-file=\"https:\/\/i0.wp.com\/samuel.klemke.de\/wp-content\/uploads\/2016\/01\/Pernambuco_sons.jpg?fit=1280%2C720\" data-orig-size=\"1280,720\" data-comments-opened=\"1\" data-image-meta=\"{&quot;aperture&quot;:&quot;0&quot;,&quot;credit&quot;:&quot;&quot;,&quot;camera&quot;:&quot;&quot;,&quot;caption&quot;:&quot;&quot;,&quot;created_timestamp&quot;:&quot;0&quot;,&quot;copyright&quot;:&quot;&quot;,&quot;focal_length&quot;:&quot;0&quot;,&quot;iso&quot;:&quot;0&quot;,&quot;shutter_speed&quot;:&quot;0&quot;,&quot;title&quot;:&quot;&quot;,&quot;orientation&quot;:&quot;0&quot;}\" data-image-title=\"Pernambuco_sons\" data-image-description=\"\" data-image-caption=\"\" data-medium-file=\"https:\/\/i0.wp.com\/samuel.klemke.de\/wp-content\/uploads\/2016\/01\/Pernambuco_sons.jpg?fit=300%2C169\" data-large-file=\"https:\/\/i0.wp.com\/samuel.klemke.de\/wp-content\/uploads\/2016\/01\/Pernambuco_sons.jpg?fit=1024%2C576\" \/><\/a>\n\t\t\t\t\t<h2 class=\"portfolio-entry-title\"><a href=\"http:\/\/samuel.klemke.de\/?portfolio=pernambuco-sons-de-carrilhoes\" title=\"Pernambuco: Sons de Carrilhoes\">Pernambuco: Sons de Carrilhoes<\/a><\/h2>\n\n\t\t\t\t\t\t<div class=\"portfolio-entry-meta\">\n\t\t\t\t\t\t\t\t\t\t\t\t<\/div>\n\n\t\t\t\t\t<\/header>\n\n\t\t\t\t\t\t\t\t\t\t<div class=\"portfolio-entry-content\"><p>This Video was recorded in January 2011 in Ahmedabad \/ India:<\/p>\n<\/div>\n\t\t\t\t\t\t\t\t\t\t<\/div><!-- close .portfolio-entry -->\n\t\t\t\t\t\t\t\t<div class=\"portfolio-entry portfolio-entry-column-3 type-portfolio type-projects portfolio-entry-mobile-first-item-row\">\n\t\t\t\t\t<header class=\"portfolio-entry-header\">\n\t\t\t\t\t<a class=\"portfolio-featured-image\" href=\"http:\/\/samuel.klemke.de\/?portfolio=silent-movie-raskolnikow\"><img loading=\"lazy\" decoding=\"async\" width=\"400\" height=\"233\" src=\"https:\/\/i0.wp.com\/samuel.klemke.de\/wp-content\/uploads\/2016\/01\/Solo_fuer_Licht_2010.jpg?fit=400%2C233\" class=\"attachment-large size-large wp-post-image\" alt=\"\" srcset=\"https:\/\/i0.wp.com\/samuel.klemke.de\/wp-content\/uploads\/2016\/01\/Solo_fuer_Licht_2010.jpg?w=400 400w, https:\/\/i0.wp.com\/samuel.klemke.de\/wp-content\/uploads\/2016\/01\/Solo_fuer_Licht_2010.jpg?resize=300%2C175 300w\" sizes=\"(max-width: 400px) 100vw, 400px\" data-attachment-id=\"92\" data-permalink=\"http:\/\/samuel.klemke.de\/?attachment_id=92\" data-orig-file=\"https:\/\/i0.wp.com\/samuel.klemke.de\/wp-content\/uploads\/2016\/01\/Solo_fuer_Licht_2010.jpg?fit=400%2C233\" data-orig-size=\"400,233\" data-comments-opened=\"1\" data-image-meta=\"{&quot;aperture&quot;:&quot;2.8&quot;,&quot;credit&quot;:&quot;&quot;,&quot;camera&quot;:&quot;LM 7303&quot;,&quot;caption&quot;:&quot;&quot;,&quot;created_timestamp&quot;:&quot;2031443566&quot;,&quot;copyright&quot;:&quot;&quot;,&quot;focal_length&quot;:&quot;5.8&quot;,&quot;iso&quot;:&quot;114&quot;,&quot;shutter_speed&quot;:&quot;2&quot;,&quot;title&quot;:&quot;&quot;,&quot;orientation&quot;:&quot;1&quot;}\" data-image-title=\"Solo_fuer_Licht_2010\" data-image-description=\"\" data-image-caption=\"\" data-medium-file=\"https:\/\/i0.wp.com\/samuel.klemke.de\/wp-content\/uploads\/2016\/01\/Solo_fuer_Licht_2010.jpg?fit=300%2C175\" data-large-file=\"https:\/\/i0.wp.com\/samuel.klemke.de\/wp-content\/uploads\/2016\/01\/Solo_fuer_Licht_2010.jpg?fit=400%2C233\" \/><\/a>\n\t\t\t\t\t<h2 class=\"portfolio-entry-title\"><a href=\"http:\/\/samuel.klemke.de\/?portfolio=silent-movie-raskolnikow\" title=\"Silent Movie: Raskolnikow\">Silent Movie: Raskolnikow<\/a><\/h2>\n\n\t\t\t\t\t\t<div class=\"portfolio-entry-meta\">\n\t\t\t\t\t\t\t\t\t\t\t\t<\/div>\n\n\t\t\t\t\t<\/header>\n\n\t\t\t\t\t\t\t\t\t\t<div class=\"portfolio-entry-content\"><p>With the Ensemble Marges, Samuel performs composed and improvised music for silent Movies. In this case it is an improvisation for the more than 2 hours-long film Raskolnikow by Robert Wiene, performed as the opener of the festival &#8222;Solo fuer Licht&#8220; in Leipzig and for Slovenska Kinoteka in Ljubljana.<\/p>\n<\/div>\n\t\t\t\t\t\t\t\t\t\t<\/div><!-- close .portfolio-entry -->\n\t\t\t\t\t\t\t\t<div class=\"portfolio-entry portfolio-entry-column-3 type-ensembles type-portfolio portfolio-entry-mobile-last-item-row portfolio-entry-last-item-row\">\n\t\t\t\t\t<header class=\"portfolio-entry-header\">\n\t\t\t\t\t<a class=\"portfolio-featured-image\" href=\"http:\/\/samuel.klemke.de\/?portfolio=guitar-duo-klemke\"><img loading=\"lazy\" decoding=\"async\" width=\"312\" height=\"225\" src=\"https:\/\/i0.wp.com\/samuel.klemke.de\/wp-content\/uploads\/2016\/01\/Duo.png?fit=312%2C225\" class=\"attachment-large size-large wp-post-image\" alt=\"\" srcset=\"https:\/\/i0.wp.com\/samuel.klemke.de\/wp-content\/uploads\/2016\/01\/Duo.png?w=312 312w, https:\/\/i0.wp.com\/samuel.klemke.de\/wp-content\/uploads\/2016\/01\/Duo.png?resize=300%2C216 300w\" sizes=\"(max-width: 312px) 100vw, 312px\" data-attachment-id=\"96\" data-permalink=\"http:\/\/samuel.klemke.de\/?attachment_id=96\" data-orig-file=\"https:\/\/i0.wp.com\/samuel.klemke.de\/wp-content\/uploads\/2016\/01\/Duo.png?fit=312%2C225\" data-orig-size=\"312,225\" data-comments-opened=\"1\" data-image-meta=\"{&quot;aperture&quot;:&quot;0&quot;,&quot;credit&quot;:&quot;&quot;,&quot;camera&quot;:&quot;&quot;,&quot;caption&quot;:&quot;&quot;,&quot;created_timestamp&quot;:&quot;0&quot;,&quot;copyright&quot;:&quot;&quot;,&quot;focal_length&quot;:&quot;0&quot;,&quot;iso&quot;:&quot;0&quot;,&quot;shutter_speed&quot;:&quot;0&quot;,&quot;title&quot;:&quot;&quot;,&quot;orientation&quot;:&quot;0&quot;}\" data-image-title=\"Duo\" data-image-description=\"\" data-image-caption=\"\" data-medium-file=\"https:\/\/i0.wp.com\/samuel.klemke.de\/wp-content\/uploads\/2016\/01\/Duo.png?fit=300%2C216\" data-large-file=\"https:\/\/i0.wp.com\/samuel.klemke.de\/wp-content\/uploads\/2016\/01\/Duo.png?fit=312%2C225\" \/><\/a>\n\t\t\t\t\t<h2 class=\"portfolio-entry-title\"><a href=\"http:\/\/samuel.klemke.de\/?portfolio=guitar-duo-klemke\" title=\"Guitar Duo Klemke\">Guitar Duo Klemke<\/a><\/h2>\n\n\t\t\t\t\t\t<div class=\"portfolio-entry-meta\">\n\t\t\t\t\t\t\t\t\t\t\t\t<\/div>\n\n\t\t\t\t\t<\/header>\n\n\t\t\t\t\t\t\t\t\t\t<div class=\"portfolio-entry-content\"><p>Since his childhood Samuel is performing with his sister Laura. While playing music, they understand each other without the need of visual contact and thus create lively performances out of the moment. Both of them graduated from the University of Music Franz Liszt in Weimar with the Concert Exam in Chambermusic under the tutelage of [&hellip;]<\/p>\n<\/div>\n\t\t\t\t\t\t\t\t\t\t<\/div><!-- close .portfolio-entry -->\n\t\t\t\t\t\t\t\t<div class=\"portfolio-entry portfolio-entry-column-3 type-portfolio type-projects portfolio-entry-mobile-first-item-row portfolio-entry-first-item-row\">\n\t\t\t\t\t<header class=\"portfolio-entry-header\">\n\t\t\t\t\t<a class=\"portfolio-featured-image\" href=\"http:\/\/samuel.klemke.de\/?portfolio=projects\"><img loading=\"lazy\" decoding=\"async\" width=\"982\" height=\"347\" src=\"https:\/\/i0.wp.com\/samuel.klemke.de\/wp-content\/uploads\/2016\/01\/WFT2012_Achmed1.jpg?fit=982%2C347\" class=\"attachment-large size-large wp-post-image\" alt=\"\" srcset=\"https:\/\/i0.wp.com\/samuel.klemke.de\/wp-content\/uploads\/2016\/01\/WFT2012_Achmed1.jpg?w=982 982w, https:\/\/i0.wp.com\/samuel.klemke.de\/wp-content\/uploads\/2016\/01\/WFT2012_Achmed1.jpg?resize=300%2C106 300w, https:\/\/i0.wp.com\/samuel.klemke.de\/wp-content\/uploads\/2016\/01\/WFT2012_Achmed1.jpg?resize=768%2C271 768w\" sizes=\"(max-width: 982px) 100vw, 982px\" data-attachment-id=\"100\" data-permalink=\"http:\/\/samuel.klemke.de\/?attachment_id=100\" data-orig-file=\"https:\/\/i0.wp.com\/samuel.klemke.de\/wp-content\/uploads\/2016\/01\/WFT2012_Achmed1.jpg?fit=982%2C347\" data-orig-size=\"982,347\" data-comments-opened=\"1\" data-image-meta=\"{&quot;aperture&quot;:&quot;2.8&quot;,&quot;credit&quot;:&quot;&quot;,&quot;camera&quot;:&quot;DMC-FZ28&quot;,&quot;caption&quot;:&quot;&quot;,&quot;created_timestamp&quot;:&quot;1334265181&quot;,&quot;copyright&quot;:&quot;&quot;,&quot;focal_length&quot;:&quot;4.8&quot;,&quot;iso&quot;:&quot;800&quot;,&quot;shutter_speed&quot;:&quot;0.125&quot;,&quot;title&quot;:&quot;&quot;,&quot;orientation&quot;:&quot;1&quot;}\" data-image-title=\"WFT2012_Achmed1\" data-image-description=\"\" data-image-caption=\"\" data-medium-file=\"https:\/\/i0.wp.com\/samuel.klemke.de\/wp-content\/uploads\/2016\/01\/WFT2012_Achmed1.jpg?fit=300%2C106\" data-large-file=\"https:\/\/i0.wp.com\/samuel.klemke.de\/wp-content\/uploads\/2016\/01\/WFT2012_Achmed1.jpg?fit=982%2C347\" \/><\/a>\n\t\t\t\t\t<h2 class=\"portfolio-entry-title\"><a href=\"http:\/\/samuel.klemke.de\/?portfolio=projects\" title=\"Silent Movie: The Adventures of Prince Ahmed\">Silent Movie: The Adventures of Prince Ahmed<\/a><\/h2>\n\n\t\t\t\t\t\t<div class=\"portfolio-entry-meta\">\n\t\t\t\t\t\t\t\t\t\t\t\t<\/div>\n\n\t\t\t\t\t<\/header>\n\n\t\t\t\t\t\t\t\t\t\t<div class=\"portfolio-entry-content\"><p>&#8222;The Adventures of Prince Ahmed&#8220; is the first feature-length animation movie in history. It has a very special charme telling the story of Prince Ahmed and his princess with shadows in front of colourful backgrounds. We asked 5 composers to contribute music for each of the 5 parts of the movie, which worked out astonishingly [&hellip;]<\/p>\n<\/div>\n\t\t\t\t\t\t\t\t\t\t<\/div><!-- close .portfolio-entry -->\n\t\t\t\t\t\t\t\t<div class=\"portfolio-entry portfolio-entry-column-3 type-ensembles type-portfolio portfolio-entry-mobile-last-item-row\">\n\t\t\t\t\t<header class=\"portfolio-entry-header\">\n\t\t\t\t\t<a class=\"portfolio-featured-image\" href=\"http:\/\/samuel.klemke.de\/?portfolio=meine-filme\"><img loading=\"lazy\" decoding=\"async\" width=\"312\" height=\"177\" src=\"https:\/\/i0.wp.com\/samuel.klemke.de\/wp-content\/uploads\/2016\/01\/voz.jpg?fit=312%2C177\" class=\"attachment-large size-large wp-post-image\" alt=\"\" srcset=\"https:\/\/i0.wp.com\/samuel.klemke.de\/wp-content\/uploads\/2016\/01\/voz.jpg?w=312 312w, https:\/\/i0.wp.com\/samuel.klemke.de\/wp-content\/uploads\/2016\/01\/voz.jpg?resize=300%2C170 300w\" sizes=\"(max-width: 312px) 100vw, 312px\" data-attachment-id=\"93\" data-permalink=\"http:\/\/samuel.klemke.de\/?attachment_id=93\" data-orig-file=\"https:\/\/i0.wp.com\/samuel.klemke.de\/wp-content\/uploads\/2016\/01\/voz.jpg?fit=312%2C177\" data-orig-size=\"312,177\" data-comments-opened=\"1\" data-image-meta=\"{&quot;aperture&quot;:&quot;2.8&quot;,&quot;credit&quot;:&quot;&quot;,&quot;camera&quot;:&quot;Canon PowerShot Pro1&quot;,&quot;caption&quot;:&quot;&quot;,&quot;created_timestamp&quot;:&quot;1214327941&quot;,&quot;copyright&quot;:&quot;&quot;,&quot;focal_length&quot;:&quot;10.5625&quot;,&quot;iso&quot;:&quot;0&quot;,&quot;shutter_speed&quot;:&quot;0.008&quot;,&quot;title&quot;:&quot;&quot;,&quot;orientation&quot;:&quot;1&quot;}\" data-image-title=\"voz\" data-image-description=\"\" data-image-caption=\"\" data-medium-file=\"https:\/\/i0.wp.com\/samuel.klemke.de\/wp-content\/uploads\/2016\/01\/voz.jpg?fit=300%2C170\" data-large-file=\"https:\/\/i0.wp.com\/samuel.klemke.de\/wp-content\/uploads\/2016\/01\/voz.jpg?fit=312%2C177\" \/><\/a>\n\t\t\t\t\t<h2 class=\"portfolio-entry-title\"><a href=\"http:\/\/samuel.klemke.de\/?portfolio=meine-filme\" title=\"voz y guitarra\">voz y guitarra<\/a><\/h2>\n\n\t\t\t\t\t\t<div class=\"portfolio-entry-meta\">\n\t\t\t\t\t\t\t\t\t\t\t\t<\/div>\n\n\t\t\t\t\t<\/header>\n\n\t\t\t\t\t\t\t\t\t\t<div class=\"portfolio-entry-content\"><p>In 2008 Samuel startet performing with the Spanish soprano Natasha Lopez. Their repertoire comprises mainly Spanish and Latin-American music, but also pieces by Schubert, Bach-Gounod and others.<\/p>\n<\/div>\n\t\t\t\t\t\t\t\t\t\t<\/div><!-- close .portfolio-entry -->\n\t\t\t\t\t\t\t\t<div class=\"portfolio-entry portfolio-entry-column-3 type-ensembles type-portfolio portfolio-entry-mobile-first-item-row portfolio-entry-last-item-row\">\n\t\t\t\t\t<header class=\"portfolio-entry-header\">\n\t\t\t\t\t<a class=\"portfolio-featured-image\" href=\"http:\/\/samuel.klemke.de\/?portfolio=ensembles\"><img loading=\"lazy\" decoding=\"async\" width=\"312\" height=\"124\" src=\"https:\/\/i0.wp.com\/samuel.klemke.de\/wp-content\/uploads\/2016\/01\/Marges.jpg?fit=312%2C124\" class=\"attachment-large size-large wp-post-image\" alt=\"\" srcset=\"https:\/\/i0.wp.com\/samuel.klemke.de\/wp-content\/uploads\/2016\/01\/Marges.jpg?w=312 312w, https:\/\/i0.wp.com\/samuel.klemke.de\/wp-content\/uploads\/2016\/01\/Marges.jpg?resize=300%2C119 300w\" sizes=\"(max-width: 312px) 100vw, 312px\" data-attachment-id=\"90\" data-permalink=\"http:\/\/samuel.klemke.de\/?attachment_id=90\" data-orig-file=\"https:\/\/i0.wp.com\/samuel.klemke.de\/wp-content\/uploads\/2016\/01\/Marges.jpg?fit=312%2C124\" data-orig-size=\"312,124\" data-comments-opened=\"1\" data-image-meta=\"{&quot;aperture&quot;:&quot;0&quot;,&quot;credit&quot;:&quot;&quot;,&quot;camera&quot;:&quot;&quot;,&quot;caption&quot;:&quot;&quot;,&quot;created_timestamp&quot;:&quot;0&quot;,&quot;copyright&quot;:&quot;&quot;,&quot;focal_length&quot;:&quot;0&quot;,&quot;iso&quot;:&quot;0&quot;,&quot;shutter_speed&quot;:&quot;0&quot;,&quot;title&quot;:&quot;&quot;,&quot;orientation&quot;:&quot;1&quot;}\" data-image-title=\"Marges\" data-image-description=\"\" data-image-caption=\"\" data-medium-file=\"https:\/\/i0.wp.com\/samuel.klemke.de\/wp-content\/uploads\/2016\/01\/Marges.jpg?fit=300%2C119\" data-large-file=\"https:\/\/i0.wp.com\/samuel.klemke.de\/wp-content\/uploads\/2016\/01\/Marges.jpg?fit=312%2C124\" \/><\/a>\n\t\t\t\t\t<h2 class=\"portfolio-entry-title\"><a href=\"http:\/\/samuel.klemke.de\/?portfolio=ensembles\" title=\"Ensemble Marges\">Ensemble Marges<\/a><\/h2>\n\n\t\t\t\t\t\t<div class=\"portfolio-entry-meta\">\n\t\t\t\t\t\t\t\t\t\t\t\t<\/div>\n\n\t\t\t\t\t<\/header>\n\n\t\t\t\t\t\t\t\t\t\t<div class=\"portfolio-entry-content\"><p>As one of the founding members Samuel is performing with this young and ambitious vanguard Ensemble since it&#8217;s creation in 2005. One of their focuses is the music of young composers. With this ensemble Samuel also was invited repeatedly to form part of the jury in composition competitions. They offer concert-programmes, vanguard music for silent-movies [&hellip;]<\/p>\n<\/div>\n\t\t\t\t\t\t\t\t\t\t<\/div><!-- close .portfolio-entry -->\n\t\t\t\t\t\t\t<\/div><!-- close .jetpack-portfolio -->\n\t\t\t<\/code><\/p>\n<p><\/p>","protected":false},"excerpt":{"rendered":"<p>A selection of projects showing the diverse activities<\/p>\n","protected":false},"author":1,"featured_media":0,"parent":0,"menu_order":1,"comment_status":"closed","ping_status":"closed","template":"","meta":{"jetpack_post_was_ever_published":false,"footnotes":""},"jetpack_sharing_enabled":true,"jetpack_shortlink":"https:\/\/wp.me\/P75tXj-3n","jetpack-related-posts":[{"id":65,"url":"http:\/\/samuel.klemke.de\/?page_id=65","url_meta":{"origin":209,"position":0},"title":"Ensembles","author":"Samuel","date":"Januar 3, 2016","format":false,"excerpt":"Samuel does not only work as a soloist, but is also very active as a chamber musician. Next to these ensembles, Samuel also works on repertoire in different chambermusic combinations, for example violin, accordion, string quartet, piano etc. If you have a special wish, it could be fulfilled... \u00a0","rel":"","context":"\u00c4hnlicher Beitrag","block_context":{"text":"\u00c4hnlicher Beitrag","link":""},"img":{"alt_text":"","src":"","width":0,"height":0},"classes":[]},{"id":78,"url":"http:\/\/samuel.klemke.de\/?page_id=78","url_meta":{"origin":209,"position":1},"title":"Projects","author":"Samuel","date":"Januar 3, 2016","format":false,"excerpt":"Here you can find some of my most interesting projects.","rel":"","context":"\u00c4hnlicher Beitrag","block_context":{"text":"\u00c4hnlicher Beitrag","link":""},"img":{"alt_text":"","src":"","width":0,"height":0},"classes":[]},{"id":83,"url":"http:\/\/samuel.klemke.de\/?page_id=83","url_meta":{"origin":209,"position":2},"title":"Some of my videos:","author":"Samuel","date":"Januar 3, 2016","format":false,"excerpt":"This is a selection of some of my videos. Please check my YouTube-Channel for all videos.","rel":"","context":"\u00c4hnlicher Beitrag","block_context":{"text":"\u00c4hnlicher Beitrag","link":""},"img":{"alt_text":"","src":"","width":0,"height":0},"classes":[]}],"jetpack_likes_enabled":true,"_links":{"self":[{"href":"http:\/\/samuel.klemke.de\/index.php?rest_route=\/wp\/v2\/pages\/209"}],"collection":[{"href":"http:\/\/samuel.klemke.de\/index.php?rest_route=\/wp\/v2\/pages"}],"about":[{"href":"http:\/\/samuel.klemke.de\/index.php?rest_route=\/wp\/v2\/types\/page"}],"author":[{"embeddable":true,"href":"http:\/\/samuel.klemke.de\/index.php?rest_route=\/wp\/v2\/users\/1"}],"replies":[{"embeddable":true,"href":"http:\/\/samuel.klemke.de\/index.php?rest_route=%2Fwp%2Fv2%2Fcomments&post=209"}],"version-history":[{"count":3,"href":"http:\/\/samuel.klemke.de\/index.php?rest_route=\/wp\/v2\/pages\/209\/revisions"}],"predecessor-version":[{"id":213,"href":"http:\/\/samuel.klemke.de\/index.php?rest_route=\/wp\/v2\/pages\/209\/revisions\/213"}],"wp:attachment":[{"href":"http:\/\/samuel.klemke.de\/index.php?rest_route=%2Fwp%2Fv2%2Fmedia&parent=209"}],"curies":[{"name":"wp","href":"https:\/\/api.w.org\/{rel}","templated":true}]}}